{"id":764,"date":"2020-10-25T13:30:42","date_gmt":"2020-10-25T12:30:42","guid":{"rendered":"https:\/\/a-b-d.de\/?page_id=764"},"modified":"2021-01-03T17:46:07","modified_gmt":"2021-01-03T16:46:07","slug":"buero-verkleinern","status":"publish","type":"page","link":"https:\/\/officedus.de\/de\/buero-verkleinern\/","title":{"rendered":"Wollen Sie Ihr B\u00fcro verkleinern?"},"content":{"rendered":"<p>In Coronazeiten wollen viele Ihr B\u00fcro verkleinern, Kosten reduzieren und brauchen dennoch eine flexible L\u00f6sung.<\/p>\n<p>Aber der Erhalt eines eigenen B\u00fcros bedarf einigen Organisationsaufwands, und das wirkt sich nat\u00fcrlich auf die Kosten aus. Dabei ist es gleichg\u00fcltig, ob es sich um Zeitaufwand oder externe Dienstleister handelt. Vor allem aber: Der Fokus auf das Kerngesch\u00e4ft geht verloren. Jedoch das ist ja Ihre St\u00e4rke. Und unsere ist es, ein B\u00fcro zu managen.<\/p>\n<p>Deswegen, falls Sie in<a href=\"https:\/\/www.land.nrw\/corona\" target=\"_blank\" rel=\"noopener noreferrer\"><strong> Coronazeiten<\/strong><\/a> die Kosten f\u00fcr Ihr B\u00fcro oder Ihren Firmensitz besonders unter die Lupe nehmen: es gibt eine Reihe von M\u00f6glichkeiten einen funktionierenden Betrieb trotz Abstandregelung und Home-Office zu gew\u00e4hrleisten \u2013 und wahrscheinlich sogar noch Budget einzusparen.<\/p>\n<h3>Kosten reduzieren<\/h3>\n<p>Haben Sie f\u00fcr sich schon einmal die Kosten f\u00fcr<\/p>\n<ul>\n<li>Kommunikation (Internet, Telefon)<\/li>\n<li>Reinigung, Heizung\/K\u00fchlung<\/li>\n<li>Support (Empfang, Logistik, Pakete etc.)<\/li>\n<\/ul>\n<p>als eigene Punkte zusammengefasst? Sicher wissen, Sie, was da f\u00fcr eine Summe zusammen kommt. Doch man kann diese <em>Kosten reduzieren<\/em>, wenn sie vern\u00fcnftig mit anderen geteilt werden.<\/p>\n<p>Alle profitieren davon, dass Allgemeinfl\u00e4chen, K\u00fcche, und Besprechungsr\u00e4ume gemeinsam genutzt werden. Dennoch beh\u00e4lt jede Firma Ihren ungest\u00f6rten Platz. Deshalb hat bei ABD Business Center jede Firma ein oder mehrere abschlie\u00dfbare B\u00fcros, jede eine eigene von anderen getrennte LAN und WLAN (<a href=\"https:\/\/de.wikipedia.org\/wiki\/Virtual_Local_Area_Network\" target=\"_blank\" rel=\"noopener noreferrer\">VLAN<\/a>) Verbindung per Glasfaser. Auch unterst\u00fctzen wir gerne in allen administrativen Bereichen.<\/p>\n<p>&nbsp;<\/p>\n<p>In jedem Fall kann dabei die Gesamtsumme f\u00fcr B\u00fcro und Infrastruktur deutlich g\u00fcnstiger werden!<\/p>\n<h3>B\u00fcro verkleinern<\/h3>\n<p>In Wirklichkeit muss sich Ihre eigne Arbeitsfl\u00e4che gar nicht verkleinern. Auch in Ihrem B\u00fcro wird viel Fl\u00e4che f\u00fcr K\u00fcche, Waschr\u00e4ume und Besprechungsbereiche verwendet werden. Diese werden aber nicht durchgehend genutzt. Denn diese R\u00e4umlichkeiten leer stehen zu lassen, ist \u00f6konomisch nicht sinnvoll.<\/p>\n<p>Wir vermieten seit fast 40 Jahren B\u00fcros an Firmen mit v\u00f6llig unterschiedlichem Bedarf. Und zwar vom Vertriebsb\u00fcro bis zur Buchhaltung &#8211; von einer Repr\u00e4sentanz bis zum Projektoffice.<\/p>\n<h3>Eine flexible L\u00f6sung<\/h3>\n<p>In diesen Zeiten werden Fragen nach B\u00fcros,<\/p>\n<ul>\n<li>die sowohl von Vertragsl\u00e4nge als nach Gr\u00f6\u00dfe variable sind<\/li>\n<li>die als kosteng\u00fcnstige Basis f\u00fcr ein Home-Office Konzept, also z.B. die nur tageweise Nutzung (1-3x pro Woche) eines B\u00fcros<\/li>\n<li>oder einfach nur als Backoffice dienen<\/li>\n<\/ul>\n<p>immer h\u00e4ufiger. Dabei nennen wir Ihnen in unseren Angeboten wirklich den Preis, den Sie pro Monat f\u00fcr das B\u00fcro zahlen, denn es gibt keine Extraabrechnung f\u00fcr Heizung, Reinigung, Strom, Internet etc..<\/p>\n<p>Hier an der zentralen Lage Oststra\u00dfe\/Immermannstra\u00dfe liegen B\u00fcros nicht nur sehr zentral, sondern bieten auch eine gute Einkaufs- und Gastroinfrastruktur.<\/p>\n<p><a href=\"https:\/\/officedus.de\/de\/kontakt\/\">Wir erstellen Ihnen gerne ein Angebot!<\/a> Deshalb kontaktieren Sie uns einfach unter 0211-93500 oder <a href=\"mailto:info@a-b-d.de\">info@a-b-d.de<\/a>.<\/p>\n<figure id=\"attachment_799\" aria-describedby=\"caption-attachment-799\" style=\"width: 342px\" class=\"wp-caption alignnone\"><img decoding=\"async\" loading=\"lazy\" class=\"wp-image-799\" src=\"https:\/\/officedus.de\/wp-content\/uploads\/2021\/01\/ABD-Business-Center-imp-1-768x512.jpg\" alt=\"flexible L\u00f6sungen- gerade, wenn Sie Ihr B\u00fcro verkleinern\" width=\"342\" height=\"228\" srcset=\"https:\/\/officedus.de\/wp-content\/uploads\/2021\/01\/ABD-Business-Center-imp-1-768x512.jpg 768w, https:\/\/officedus.de\/wp-content\/uploads\/2021\/01\/ABD-Business-Center-imp-1-1200x800.jpg 1200w, https:\/\/officedus.de\/wp-content\/uploads\/2021\/01\/ABD-Business-Center-imp-1-400x267.jpg 400w, https:\/\/officedus.de\/wp-content\/uploads\/2021\/01\/ABD-Business-Center-imp-1-1536x1024.jpg 1536w, https:\/\/officedus.de\/wp-content\/uploads\/2021\/01\/ABD-Business-Center-imp-1-2048x1365.jpg 2048w, https:\/\/officedus.de\/wp-content\/uploads\/2021\/01\/ABD-Business-Center-imp-1-1920x1280.jpg 1920w\" sizes=\"(max-width: 342px) 100vw, 342px\" \/><figcaption id=\"caption-attachment-799\" class=\"wp-caption-text\">Auch ein Beispiel f\u00fcr gemeinsam genutzte R\u00e4ume<\/figcaption><\/figure>\n<p>&nbsp;<\/p>\n","protected":false},"excerpt":{"rendered":"<p>In Coronazeiten wollen viele Ihr B\u00fcro verkleinern, Kosten reduzieren und brauchen dennoch eine flexible L\u00f6sung. Aber der Erhalt eines eigenen B\u00fcros bedarf einigen Organisationsaufwands, und das wirkt sich nat\u00fcrlich auf die Kosten aus. Dabei ist es gleichg\u00fcltig, ob es sich um Zeitaufwand oder externe Dienstleister handelt. Vor allem aber: Der Fokus auf das Kerngesch\u00e4ft geht<\/p>\n","protected":false},"author":3,"featured_media":0,"parent":0,"menu_order":0,"comment_status":"closed","ping_status":"closed","template":"","meta":[],"acf":[],"yoast_head":"<!-- This site is optimized with the Yoast SEO plugin v19.10 - https:\/\/yoast.com\/wordpress\/plugins\/seo\/ -->\n<title>B\u00fcro verkleinern und Kosten reduzieren - dennoch flexibel bleiben<\/title>\n<meta name=\"description\" content=\"In Coronazeiten wollen viele Ihr B\u00fcro verkleinern, Kosten reduzieren und brauchen dennoch eine flexible L\u00f6sung. Bei ABD geht das!\" \/>\n<meta name=\"robots\" content=\"index, follow, max-snippet:-1, max-image-preview:large, max-video-preview:-1\" \/>\n<link rel=\"canonical\" href=\"https:\/\/officedus.de\/de\/buero-verkleinern\/\" \/>\n<meta property=\"og:locale\" content=\"de_DE\" \/>\n<meta property=\"og:type\" content=\"article\" \/>\n<meta property=\"og:title\" content=\"B\u00fcro verkleinern und Kosten reduzieren - dennoch flexibel bleiben\" \/>\n<meta property=\"og:description\" content=\"In Coronazeiten wollen viele Ihr B\u00fcro verkleinern, Kosten reduzieren und brauchen dennoch eine flexible L\u00f6sung. Bei ABD geht das!\" \/>\n<meta property=\"og:url\" content=\"https:\/\/officedus.de\/de\/buero-verkleinern\/\" \/>\n<meta property=\"og:site_name\" content=\"ABD\" \/>\n<meta property=\"article:modified_time\" content=\"2021-01-03T16:46:07+00:00\" \/>\n<meta property=\"og:image\" content=\"https:\/\/officedus.de\/wp-content\/uploads\/2021\/01\/ABD-Business-Center-imp-1-768x512.jpg\" \/>\n<meta name=\"twitter:card\" content=\"summary_large_image\" \/>\n<meta name=\"twitter:label1\" content=\"Gesch\u00e4tzte Lesezeit\" \/>\n\t<meta name=\"twitter:data1\" content=\"2\u00a0Minuten\" \/>\n<script type=\"application\/ld+json\" class=\"yoast-schema-graph\">{\"@context\":\"https:\/\/schema.org\",\"@graph\":[{\"@type\":\"WebPage\",\"@id\":\"https:\/\/officedus.de\/de\/buero-verkleinern\/\",\"url\":\"https:\/\/officedus.de\/de\/buero-verkleinern\/\",\"name\":\"B\u00fcro verkleinern und Kosten reduzieren - dennoch flexibel bleiben\",\"isPartOf\":{\"@id\":\"https:\/\/officedus.de\/#website\"},\"datePublished\":\"2020-10-25T12:30:42+00:00\",\"dateModified\":\"2021-01-03T16:46:07+00:00\",\"description\":\"In Coronazeiten wollen viele Ihr B\u00fcro verkleinern, Kosten reduzieren und brauchen dennoch eine flexible L\u00f6sung. Bei ABD geht das!\",\"breadcrumb\":{\"@id\":\"https:\/\/officedus.de\/de\/buero-verkleinern\/#breadcrumb\"},\"inLanguage\":\"de\",\"potentialAction\":[{\"@type\":\"ReadAction\",\"target\":[\"https:\/\/officedus.de\/de\/buero-verkleinern\/\"]}]},{\"@type\":\"BreadcrumbList\",\"@id\":\"https:\/\/officedus.de\/de\/buero-verkleinern\/#breadcrumb\",\"itemListElement\":[{\"@type\":\"ListItem\",\"position\":1,\"name\":\"Startseite\",\"item\":\"https:\/\/officedus.de\/de\/\"},{\"@type\":\"ListItem\",\"position\":2,\"name\":\"Wollen Sie Ihr B\u00fcro verkleinern?\"}]},{\"@type\":\"WebSite\",\"@id\":\"https:\/\/officedus.de\/#website\",\"url\":\"https:\/\/officedus.de\/\",\"name\":\"ABD\",\"description\":\"\",\"potentialAction\":[{\"@type\":\"SearchAction\",\"target\":{\"@type\":\"EntryPoint\",\"urlTemplate\":\"https:\/\/officedus.de\/?s={search_term_string}\"},\"query-input\":\"required name=search_term_string\"}],\"inLanguage\":\"de\"}]}<\/script>\n<!-- \/ Yoast SEO plugin. -->","yoast_head_json":{"title":"B\u00fcro verkleinern und Kosten reduzieren - dennoch flexibel bleiben","description":"In Coronazeiten wollen viele Ihr B\u00fcro verkleinern, Kosten reduzieren und brauchen dennoch eine flexible L\u00f6sung. Bei ABD geht das!","robots":{"index":"index","follow":"follow","max-snippet":"max-snippet:-1","max-image-preview":"max-image-preview:large","max-video-preview":"max-video-preview:-1"},"canonical":"https:\/\/officedus.de\/de\/buero-verkleinern\/","og_locale":"de_DE","og_type":"article","og_title":"B\u00fcro verkleinern und Kosten reduzieren - dennoch flexibel bleiben","og_description":"In Coronazeiten wollen viele Ihr B\u00fcro verkleinern, Kosten reduzieren und brauchen dennoch eine flexible L\u00f6sung. Bei ABD geht das!","og_url":"https:\/\/officedus.de\/de\/buero-verkleinern\/","og_site_name":"ABD","article_modified_time":"2021-01-03T16:46:07+00:00","og_image":[{"url":"https:\/\/officedus.de\/wp-content\/uploads\/2021\/01\/ABD-Business-Center-imp-1-768x512.jpg"}],"twitter_card":"summary_large_image","twitter_misc":{"Gesch\u00e4tzte Lesezeit":"2\u00a0Minuten"},"schema":{"@context":"https:\/\/schema.org","@graph":[{"@type":"WebPage","@id":"https:\/\/officedus.de\/de\/buero-verkleinern\/","url":"https:\/\/officedus.de\/de\/buero-verkleinern\/","name":"B\u00fcro verkleinern und Kosten reduzieren - dennoch flexibel bleiben","isPartOf":{"@id":"https:\/\/officedus.de\/#website"},"datePublished":"2020-10-25T12:30:42+00:00","dateModified":"2021-01-03T16:46:07+00:00","description":"In Coronazeiten wollen viele Ihr B\u00fcro verkleinern, Kosten reduzieren und brauchen dennoch eine flexible L\u00f6sung. Bei ABD geht das!","breadcrumb":{"@id":"https:\/\/officedus.de\/de\/buero-verkleinern\/#breadcrumb"},"inLanguage":"de","potentialAction":[{"@type":"ReadAction","target":["https:\/\/officedus.de\/de\/buero-verkleinern\/"]}]},{"@type":"BreadcrumbList","@id":"https:\/\/officedus.de\/de\/buero-verkleinern\/#breadcrumb","itemListElement":[{"@type":"ListItem","position":1,"name":"Startseite","item":"https:\/\/officedus.de\/de\/"},{"@type":"ListItem","position":2,"name":"Wollen Sie Ihr B\u00fcro verkleinern?"}]},{"@type":"WebSite","@id":"https:\/\/officedus.de\/#website","url":"https:\/\/officedus.de\/","name":"ABD","description":"","potentialAction":[{"@type":"SearchAction","target":{"@type":"EntryPoint","urlTemplate":"https:\/\/officedus.de\/?s={search_term_string}"},"query-input":"required name=search_term_string"}],"inLanguage":"de"}]}},"_links":{"self":[{"href":"https:\/\/officedus.de\/de\/wp-json\/wp\/v2\/pages\/764"}],"collection":[{"href":"https:\/\/officedus.de\/de\/wp-json\/wp\/v2\/pages"}],"about":[{"href":"https:\/\/officedus.de\/de\/wp-json\/wp\/v2\/types\/page"}],"author":[{"embeddable":true,"href":"https:\/\/officedus.de\/de\/wp-json\/wp\/v2\/users\/3"}],"replies":[{"embeddable":true,"href":"https:\/\/officedus.de\/de\/wp-json\/wp\/v2\/comments?post=764"}],"version-history":[{"count":11,"href":"https:\/\/officedus.de\/de\/wp-json\/wp\/v2\/pages\/764\/revisions"}],"predecessor-version":[{"id":810,"href":"https:\/\/officedus.de\/de\/wp-json\/wp\/v2\/pages\/764\/revisions\/810"}],"wp:attachment":[{"href":"https:\/\/officedus.de\/de\/wp-json\/wp\/v2\/media?parent=764"}],"curies":[{"name":"wp","href":"https:\/\/api.w.org\/{rel}","templated":true}]}}